{"id":619,"date":"2024-09-02T08:40:16","date_gmt":"2024-09-02T06:40:16","guid":{"rendered":"https:\/\/sws-weiterbildung.sesamnet.net\/?page_id=619"},"modified":"2024-12-09T11:50:07","modified_gmt":"2024-12-09T10:50:07","slug":"kv-ausbildung","status":"publish","type":"page","link":"https:\/\/www.sws-weiterbildung.ch\/de\/kv-ausbildung.html","title":{"rendered":"KV Schule"},"content":{"rendered":"\r\n  <section  class=\"wide-slider wide-slider-block_7a6f4c645044b3fccaeeba53e0b2c116\" >\r\n    <div class=\"wide-slider__slider\">\r\n              <div class=\"wide-slider__item\">\r\n                      <img decoding=\"async\" class=\"d-none d-md-flex\" src=\"https:\/\/www.sws-weiterbildung.ch\/wp-content\/uploads\/2024\/10\/Main-photo-1-scaled.jpg\" alt=\"\" \/>\r\n                      <img decoding=\"async\" class=\"d-md-none\" src=\"https:\/\/www.sws-weiterbildung.ch\/wp-content\/uploads\/2024\/08\/slide2-mob.jpg\" alt=\"Freundlich. Sicher. Kompetent.\" \/>\r\n                    <div class=\"wide-slider__content\">\r\n            <div class=\"container\">\r\n              <div class=\"wide-slider__content-wrap\">\r\n                <div class=\"wide-slider__txt\">\r\n                  <h1 class=\"wide-slider__title\">\r\n                    <span class=\"wide-slider__title-white\"><\/span>\r\n                    <span class=\"wide-slider__title-orange\"><\/span>\r\n                    <span class=\"wide-slider__title-green\"><\/span>\r\n                  <\/h1>\r\n                  <div class=\"wide-slider__text\">Schulen f\u00fcr Wirtschaft und Sprachen<\/div>\r\n                <\/div>\r\n                <div class=\"wide-slider__link\">\r\n                                      <a class=\"wide-slider__btn\" href=\"#contact-form\" target=\"_self\"><span>Gratis Kursunterlagen anfordern<\/span><\/a>\r\n                                  <\/div>\r\n              <\/div>\r\n            <\/div>\r\n          <\/div>\r\n        <\/div>\r\n          <\/div>\r\n    <style>.wide-slider-block_7a6f4c645044b3fccaeeba53e0b2c116 {background-repeat: no-repeat;padding-top: 0px;padding-bottom: 0px;margin-top: 0px;margin-bottom: 0px;}@media only screen and (max-width: 992px){ .wide-slider-block_7a6f4c645044b3fccaeeba53e0b2c116{ background-repeat: no-repeat;padding-top: 0px;padding-bottom: 0px;margin-top: 0px;margin-bottom: 0px; } }<\/style>\r\n  <\/section>\r\n\n\n\n<section  class=\"course-header course-header-block_03f4a11c0e85de626596a5a9078c90d8\" >\n  <div class=\"container\">\n    <div class=\"course-header__wrap\">\n      <div class=\"course-header__header\">\n        <div class=\"row\">\n          <div class=\"col-lg-6\">\n                          <h3 class=\"course-header__subtitle\">SWS Aus- und Weiterbildung<\/h3>\n                        <h2 class=\"course-header__title\">Unsere Kurse<\/h2>\n          <\/div>\n          <div class=\"col-lg-6\">\n            <div class=\"course-header__text\"><p>In Luzern und Winterthur bietet die SWS eine fundierte und umfassende KV-Ausbildung an, die Sie optimal auf Ihre berufliche Zukunft vorbereitet. Bei uns k\u00f6nnen Sie innerhalb von drei Jahren, inklusive einem Jahr Praktikum, das eidgen\u00f6ssische F\u00e4higkeitszeugnis als Kaufmann\/Kauffrau (EFZ) erwerben. F\u00fcr&#8230;<\/p>\n<\/div>\n            <div class=\"course-header__text-mob\"><\/div>\n                          <div class=\"course-header__read-more\" style=\"display: none\"><p>In Luzern und Winterthur bietet die SWS eine fundierte und umfassende KV-Ausbildung an, die Sie optimal auf Ihre berufliche Zukunft vorbereitet. Bei uns k\u00f6nnen Sie innerhalb von drei Jahren, inklusive einem Jahr Praktikum, das eidgen\u00f6ssische F\u00e4higkeitszeugnis als Kaufmann\/Kauffrau (EFZ) erwerben. F\u00fcr Jugendliche, die sich noch nicht sicher sind, ob sie eine KV-Ausbildung machen m\u00f6chten, bieten wir ein kaufm\u00e4nnisches 10. Schuljahr an. Dieses ist direkt in unsere dreij\u00e4hrige KV-Ausbildung integriert. Wenn Sie sich nach dem 10. Schuljahr f\u00fcr die KV-Schule entscheiden, wird dieses Jahr auf die Ausbildung angerechnet. So verlieren Sie keine Zeit und k\u00f6nnen nahtlos weitermachen.<\/p>\n<\/div>\n              <button class=\"course-header__link-more\">Mehr erfahren<\/button>\n              <button class=\"course-header__link-less\" style=\"display: none\">Weniger<\/button>  \n                      <\/div>\n        <\/div>\n      <\/div>\n    <\/div>\n      <\/div>\n  <style>.course-header-block_03f4a11c0e85de626596a5a9078c90d8 {background-repeat: no-repeat;padding-top: 120px;padding-bottom: 32px;margin-top: 0px;margin-bottom: 0px;}@media only screen and (max-width: 992px){ .course-header-block_03f4a11c0e85de626596a5a9078c90d8{ background-repeat: no-repeat;padding-top: 60px;padding-bottom: 16px;margin-top: 0px;margin-bottom: 0px; } }<\/style>\n<\/section>\n\n\n<section  class=\"our-courses our-courses-block_9235ab40004dc5036ae2b862854b746a our-courses--custom-icon\" >\n  <div class=\"container\">\n    <div class=\"our-courses__wrap\">\n                    <div class=\"our-courses__gray-box\">KV-Schule:<\/div>\n                    <div class=\"row row-equal-height\">\n                      <div class=\"col-lg-4 col-md-6\">\n                                <a href=\"https:\/\/www.sws-weiterbildung.ch\/de\/kv-schule.html\" target=\"\" class=\"our-courses-card\">\n                <div class=\"our-courses-card__img\">\n                                      <img decoding=\"async\" src=\"https:\/\/www.sws-weiterbildung.ch\/wp-content\/uploads\/2024\/08\/1.jpg\" alt=\"Kauffrau \/ Kaufmann mit EFZ (B-\/E-Profil)\" \/>\n                                          <div class=\"our-courses-card__icons our-courses-card__icons--top10\" style=\"background-image: url(https:\/\/www.sws-weiterbildung.ch\/wp-content\/uploads\/2024\/09\/kurse-icon1.png);\"><\/div>\n                                                      <\/div>\n                <div class=\"our-courses-card__content\">\n                                      <div class=\"our-courses-card__status\">Pr\u00e4senzunterricht<\/div>\n                                    <h3 class=\"our-courses-card__title\">Kauffrau \/ Kaufmann mit EFZ (B-\/E-Profil)<\/h3>\n                                      <div class=\"our-courses-card__category\">KV Schule<\/div>\n                                                    <\/div>\n              <\/a>\n            <\/div>\n                      <div class=\"col-lg-4 col-md-6\">\n                                <a href=\"https:\/\/www.sws-weiterbildung.ch\/de\/10-schuljahr.html\" target=\"\" class=\"our-courses-card\">\n                <div class=\"our-courses-card__img\">\n                                      <img decoding=\"async\" src=\"https:\/\/www.sws-weiterbildung.ch\/wp-content\/uploads\/2024\/08\/4.jpg\" alt=\"10. Schuljahr\" \/>\n                                          <div class=\"our-courses-card__icons our-courses-card__icons--top-10\" style=\"background-image: url(https:\/\/www.sws-weiterbildung.ch\/wp-content\/uploads\/2024\/09\/kurse-icon4.png);\"><\/div>\n                                                      <\/div>\n                <div class=\"our-courses-card__content\">\n                                      <div class=\"our-courses-card__status\">Pr\u00e4senzunterricht<\/div>\n                                    <h3 class=\"our-courses-card__title\">10. Schuljahr<\/h3>\n                                      <div class=\"our-courses-card__category\">KV Schule<\/div>\n                                                    <\/div>\n              <\/a>\n            <\/div>\n                  <\/div>\n                <\/div>\n  <\/div>\n  <style>.our-courses-block_9235ab40004dc5036ae2b862854b746a {background-repeat: no-repeat;padding-top: 32px;padding-bottom: 56px;margin-top: 0px;margin-bottom: 0px;}@media only screen and (max-width: 992px){ .our-courses-block_9235ab40004dc5036ae2b862854b746a{ background-repeat: no-repeat;padding-top: 16px;padding-bottom: 28px;margin-top: 0px;margin-bottom: 0px; } }<\/style>\n<\/section>\n\n\n<section  class=\"text-with-img text-with-img-block_4278b0b89ed9d0c88c37cf17bdb6169a\" >\n  <div class=\"container\">\n    <div class=\"text-with-img__wrap\">\n      <div class=\"row row-equal-height\">\n                <div class=\"col-lg-5 \">\n          <div class=\"text-with-img__text \">\n            <h2>KV-Ausbildung f\u00fcr <strong>Erwachsene<\/strong><\/h2>\n<p>Die SWS ist nicht nur f\u00fcr Jugendliche und junge Erwachsene da \u2013 wir bieten auch massgeschneiderte KV-Ausbildungen f\u00fcr Erwachsene an, die berufsbegleitend absolviert werden k\u00f6nnen. Egal, ob Sie sich beruflich neu orientieren m\u00f6chten oder Ihre bestehenden Kenntnisse im kaufm\u00e4nnischen Bereich erweitern wollen, unsere flexiblen Ausbildungsprogramme sind perfekt auf die Bed\u00fcrfnisse berufst\u00e4tiger Erwachsener abgestimmt. Bei uns k\u00f6nnen Sie Ihre Karriereziele erreichen, ohne Ihre beruflichen oder privaten Verpflichtungen zu vernachl\u00e4ssigen.<\/p>\n                          <a class=\"text-with-img__btn\" href=\"https:\/\/www.sws-weiterbildung.ch\/de\/handelsschule.html\" target=\"_self\"><span>Mehr erfahren<\/span><svg width=\"21\" height=\"17\" viewBox=\"0 0 21 17\" fill=\"none\" xmlns=\"http:\/\/www.w3.org\/2000\/svg\"><path d=\"M1.5 8.5L18.6818 8.5M12.9545 1.5L19.5 8.5L12.9545 15.5\" stroke=\"#0A141F\" stroke-width=\"2\" stroke-linecap=\"round\" stroke-linejoin=\"round\"\/><\/svg><\/a>\n                      <\/div>\n        <\/div>\n        <div class=\"col-lg-7 \">\n          <div class=\"text-with-img__pic\">\n                            <img decoding=\"async\" src=\"https:\/\/www.sws-weiterbildung.ch\/wp-content\/uploads\/2024\/09\/text-with-img-1.jpg\" alt=\"\" \/>\n                      <\/div>\n        <\/div>\n              <\/div>\n    <\/div>\n  <\/div>\n  <style>.text-with-img-block_4278b0b89ed9d0c88c37cf17bdb6169a {background-color: rgb(242,245,248);background-repeat: no-repeat;padding-top: 100px;padding-bottom: 30px;margin-top: 0px;margin-bottom: 0px;}@media only screen and (max-width: 992px){ .text-with-img-block_4278b0b89ed9d0c88c37cf17bdb6169a{ background-repeat: no-repeat;padding-top: 40px;padding-bottom: 14px;margin-top: 0px;margin-bottom: 0px; } }<\/style>\n<\/section>\n\n\n<section  class=\"text-with-img text-with-img-block_cf202730c6625864351b1b67ad7a203f\" >\n  <div class=\"container\">\n    <div class=\"text-with-img__wrap\">\n      <div class=\"row row-equal-height\">\n                <div class=\"col-lg-5 order-lg-2\">\n          <div class=\"text-with-img__text \">\n            <h2>Informationen rund um das <strong>Thema KV-Lehre und Weiterbildung<\/strong><\/h2>\n<p>Haben Sie Schwierigkeiten, eine passende KV-Lehrstelle zu finden? Oder sind Sie nach einem Abbruch Ihrer Lehre auf der Suche nach einem neuen Einstieg? Keine Sorge \u2013 wir unterst\u00fctzen Sie auf Ihrem Weg. Hier finden Sie wertvolle Tipps und Informationen, die Ihnen helfen, den richtigen Weg zu finden und Ihre berufliche Zukunft erfolgreich zu gestalten. Ob es um die Wahl der richtigen Ausbildung, das Wiederaufnehmen einer Lehre oder um Weiterbildungsm\u00f6glichkeiten geht \u2013 wir stehen Ihnen zur Seite.<\/p>\n                          <a class=\"text-with-img__btn\" href=\"https:\/\/www.sws-weiterbildung.ch\/de\/kv-lehre.html\" target=\"_self\"><span>Mehr erfahren<\/span><svg width=\"21\" height=\"17\" viewBox=\"0 0 21 17\" fill=\"none\" xmlns=\"http:\/\/www.w3.org\/2000\/svg\"><path d=\"M1.5 8.5L18.6818 8.5M12.9545 1.5L19.5 8.5L12.9545 15.5\" stroke=\"#0A141F\" stroke-width=\"2\" stroke-linecap=\"round\" stroke-linejoin=\"round\"\/><\/svg><\/a>\n                      <\/div>\n        <\/div>\n        <div class=\"col-lg-7 order-lg-1\">\n          <div class=\"text-with-img__pic\">\n                            <img decoding=\"async\" src=\"https:\/\/www.sws-weiterbildung.ch\/wp-content\/uploads\/2024\/09\/text-with-img-2.jpg\" alt=\"\" \/>\n                      <\/div>\n        <\/div>\n              <\/div>\n    <\/div>\n  <\/div>\n  <style>.text-with-img-block_cf202730c6625864351b1b67ad7a203f {background-color: rgb(242,245,248);background-repeat: no-repeat;padding-top: 30px;padding-bottom: 100px;margin-top: 0px;margin-bottom: 0px;}@media only screen and (max-width: 992px){ .text-with-img-block_cf202730c6625864351b1b67ad7a203f{ background-repeat: no-repeat;padding-top: 14px;padding-bottom: 40px;margin-top: 0px;margin-bottom: 0px; } }<\/style>\n<\/section>\n\n\n<section  class=\"our-partners our-partners-block_6d12f437140acc7142737bb5b4c4dacd\" >\n  <div class=\"container\">\n    <div class=\"our-partners__wrap\">\n      <h2 class=\"our-partners__title\">Unsere Partner \/ Firmenkunden<\/h2>\n              <div class=\"row row-equal-height our-partners-slider\">\n                      <div class=\"col-lg-3\">\n              <div class=\"our-partners-card\">\n                <div class=\"our-partners-card__img\">\n                                      <img decoding=\"async\" src=\"https:\/\/www.sws-weiterbildung.ch\/wp-content\/uploads\/2024\/06\/partners1.png\" alt=\"\" \/>\n                                  <\/div>\n              <\/div>\n            <\/div>\n                      <div class=\"col-lg-3\">\n              <div class=\"our-partners-card\">\n                <div class=\"our-partners-card__img\">\n                                      <img decoding=\"async\" src=\"https:\/\/www.sws-weiterbildung.ch\/wp-content\/uploads\/2024\/06\/partners2.png\" alt=\"\" \/>\n                                  <\/div>\n              <\/div>\n            <\/div>\n                      <div class=\"col-lg-3\">\n              <div class=\"our-partners-card\">\n                <div class=\"our-partners-card__img\">\n                                      <img decoding=\"async\" src=\"https:\/\/www.sws-weiterbildung.ch\/wp-content\/uploads\/2024\/06\/partners3.png\" alt=\"\" \/>\n                                  <\/div>\n              <\/div>\n            <\/div>\n                      <div class=\"col-lg-3\">\n              <div class=\"our-partners-card\">\n                <div class=\"our-partners-card__img\">\n                                      <img decoding=\"async\" src=\"https:\/\/www.sws-weiterbildung.ch\/wp-content\/uploads\/2024\/06\/partners4.png\" alt=\"\" \/>\n                                  <\/div>\n              <\/div>\n            <\/div>\n                  <\/div>\n          <\/div>\n  <\/div>\n  <style>.our-partners-block_6d12f437140acc7142737bb5b4c4dacd {background-repeat: no-repeat;padding-top: 75px;padding-bottom: 32px;margin-top: 0px;margin-bottom: 0px;}@media only screen and (max-width: 992px){ .our-partners-block_6d12f437140acc7142737bb5b4c4dacd{ background-repeat: no-repeat;padding-top: 48px;padding-bottom: 20px;margin-top: 0px;margin-bottom: 0px; } }<\/style>\n<\/section>\n\n\n<section id=contact-form class=\"contact-form contact-form-block_418b191d86c0b4f0b32abf3ba90220af\" >\n  <div class=\"container\">\n    <div class=\"contact-form__wrap\">\n      <div class=\"row align-items-center\">\n                  <div class=\"col-lg-4 align-self-end order-2 order-lg-1\">\n            <img decoding=\"async\" class=\"contact-form__img\" src=\"https:\/\/www.sws-weiterbildung.ch\/wp-content\/uploads\/2024\/08\/Neugierig.png\" alt=\"Neugierig?\" \/>\n          <\/div>\n                <div class=\"col-lg-8 order-1 order-lg-2\">\n          \n<div class=\"wpcf7 no-js\" id=\"wpcf7-f119-o1\" lang=\"de-CH\" dir=\"ltr\" data-wpcf7-id=\"119\">\n<div class=\"screen-reader-response\"><p role=\"status\" aria-live=\"polite\" aria-atomic=\"true\"><\/p> <ul><\/ul><\/div>\n<form action=\"\/de\/wp-json\/wp\/v2\/pages\/619#wpcf7-f119-o1\" method=\"post\" class=\"wpcf7-form init\" aria-label=\"Contact form\" novalidate=\"novalidate\" data-status=\"init\">\n<fieldset class=\"hidden-fields-container\"><input type=\"hidden\" name=\"_wpcf7\" value=\"119\" \/><input type=\"hidden\" name=\"_wpcf7_version\" value=\"6.1.4\" \/><input type=\"hidden\" name=\"_wpcf7_locale\" value=\"de_CH_informal\" \/><input type=\"hidden\" name=\"_wpcf7_unit_tag\" value=\"wpcf7-f119-o1\" \/><input type=\"hidden\" name=\"_wpcf7_container_post\" value=\"0\" \/><input type=\"hidden\" name=\"_wpcf7_posted_data_hash\" value=\"\" \/><input type=\"hidden\" name=\"_wpcf7_recaptcha_response\" value=\"\" \/>\n<\/fieldset>\n<p><script>\ndocument.addEventListener( 'wpcf7mailsent', function( event ) {\n setTimeout( () => {\n location = 'https:\/\/www.sws-weiterbildung.ch\/de\/kurse\/kursanmeldung\/kursmaterialbestellung\/danke.html';\n }, 1000 ); \/\/ Wait for 1 second to redirect.\n}, false );\n<\/script>\n<\/p>\n<h2>Neugierig?\n<\/h2>\n<p>An Werktagen wird Ihre Anfrage innerhalb von wenigen Stunden bearbeitet.\n<\/p>\n<div class=\"row\">\n\t<div class=\"col-lg-6\">\n\t\t<p><label>Was ist Ihr Anliegen?<br \/>\n<span class=\"wpcf7-form-control-wrap\" data-name=\"your-anliegen\"><select class=\"wpcf7-form-control wpcf7-select wpcf7-validates-as-required\" aria-required=\"true\" aria-invalid=\"false\" name=\"your-anliegen\"><option value=\"Gratis Kursunterlagen bestellen\">Gratis Kursunterlagen bestellen<\/option><option value=\"Gratis Beratungsgespr\u00e4ch vereinbaren\">Gratis Beratungsgespr\u00e4ch vereinbaren<\/option><\/select><\/span><br \/>\n<\/label>\n\t\t<\/p>\n\t<\/div>\n\t<div class=\"col-lg-6\">\n\t\t<p><label> Vorname und Name:*<br \/>\n<span class=\"wpcf7-form-control-wrap\" data-name=\"your-name\"><input size=\"40\" maxlength=\"400\" class=\"wpcf7-form-control wpcf7-text wpcf7-validates-as-required\" autocomplete=\"name\" aria-required=\"true\" aria-invalid=\"false\" value=\"\" type=\"text\" name=\"your-name\" \/><\/span> <\/label>\n\t\t<\/p>\n\t<\/div>\n\t<div class=\"col-lg-6\">\n\t\t<p><label>Telefon:*<br \/>\n<span class=\"wpcf7-form-control-wrap\" data-name=\"your-tel\"><input size=\"40\" maxlength=\"400\" class=\"wpcf7-form-control wpcf7-tel wpcf7-validates-as-required wpcf7-text wpcf7-validates-as-tel\" aria-required=\"true\" aria-invalid=\"false\" value=\"\" type=\"tel\" name=\"your-tel\" \/><\/span><span>Zur \u00dcberpr\u00fcfung der Echtheit der Anfrage<\/span><br \/>\n<\/label>\n\t\t<\/p>\n\t<\/div>\n\t<div class=\"col-lg-6\">\n\t\t<p><label> E-Mail*<br \/>\n<span class=\"wpcf7-form-control-wrap\" data-name=\"your-email\"><input size=\"40\" maxlength=\"400\" class=\"wpcf7-form-control wpcf7-email wpcf7-validates-as-required wpcf7-text wpcf7-validates-as-email\" autocomplete=\"email\" aria-required=\"true\" aria-invalid=\"false\" value=\"\" type=\"email\" name=\"your-email\" \/><\/span><span>Unterlagen senden wir Ihnen per E-Mail<\/span><br \/>\n<\/label>\n\t\t<\/p>\n\t<\/div>\n<\/div>\n<p><input class=\"wpcf7-form-control wpcf7-submit has-spinner\" type=\"submit\" value=\"Absenden\" \/>\n<\/p><div class=\"wpcf7-response-output\" aria-hidden=\"true\"><\/div>\n<\/form>\n<\/div>\n        <\/div>\n      <\/div>\n    <\/div>\n  <\/div>\n  <style>.contact-form-block_418b191d86c0b4f0b32abf3ba90220af {background-repeat: no-repeat;padding-top: 32px;padding-bottom: 140px;margin-top: 0px;margin-bottom: 0px;}@media only screen and (max-width: 992px){ .contact-form-block_418b191d86c0b4f0b32abf3ba90220af{ background-repeat: no-repeat;padding-top: 20px;padding-bottom: 96px;margin-top: 0px;margin-bottom: 0px; } }<\/style>\n<\/section>","protected":false},"excerpt":{"rendered":"","protected":false},"author":1,"featured_media":0,"parent":0,"menu_order":0,"comment_status":"closed","ping_status":"closed","template":"","meta":{"_acf_changed":false,"inline_featured_image":false,"footnotes":""},"class_list":["post-619","page","type-page","status-publish","hentry"],"acf":[],"yoast_head":"<!-- This site is optimized with the Yoast SEO plugin v25.2 - https:\/\/yoast.com\/wordpress\/plugins\/seo\/ -->\n<title>KV Schule Winterthur und Luzern: Kaufmann \/ Kauffrau mit EFZ<\/title>\n<meta name=\"description\" content=\"Keine Lehrstelle? An der KV Schule in Winterthur (Kt. Z\u00fcrich) und Luzern der SWS erlangen Sie Ihren eidgen\u00f6ssischen KV-Lehrabschluss - 2 Jahre Vollzeitschule &amp; 1 Jahr Betriebspraktikum - Praktikumsvermittlung durch unser Institut\" \/>\n<meta name=\"robots\" content=\"index, follow, max-snippet:-1, max-image-preview:large, max-video-preview:-1\" \/>\n<link rel=\"canonical\" href=\"https:\/\/www.sws-weiterbildung.ch\/de\/kv-ausbildung.html\" \/>\n<meta property=\"og:locale\" content=\"de_DE\" \/>\n<meta property=\"og:type\" content=\"article\" \/>\n<meta property=\"og:title\" content=\"KV Schule Winterthur und Luzern: Kaufmann \/ Kauffrau mit EFZ\" \/>\n<meta property=\"og:description\" content=\"Keine Lehrstelle? An der KV Schule in Winterthur (Kt. Z\u00fcrich) und Luzern der SWS erlangen Sie Ihren eidgen\u00f6ssischen KV-Lehrabschluss - 2 Jahre Vollzeitschule &amp; 1 Jahr Betriebspraktikum - Praktikumsvermittlung durch unser Institut\" \/>\n<meta property=\"og:url\" content=\"https:\/\/www.sws-weiterbildung.ch\/de\/kv-ausbildung.html\" \/>\n<meta property=\"og:site_name\" content=\"SWS Schulen f\u00fcr Wirtschaft &amp; Sprachen\" \/>\n<meta property=\"article:modified_time\" content=\"2024-12-09T10:50:07+00:00\" \/>\n<meta name=\"twitter:card\" content=\"summary_large_image\" \/>\n<script type=\"application\/ld+json\" class=\"yoast-schema-graph\">{\"@context\":\"https:\/\/schema.org\",\"@graph\":[{\"@type\":\"WebPage\",\"@id\":\"https:\/\/www.sws-weiterbildung.ch\/de\/kv-ausbildung.html\",\"url\":\"https:\/\/www.sws-weiterbildung.ch\/de\/kv-ausbildung.html\",\"name\":\"KV Schule Winterthur und Luzern: Kaufmann \/ Kauffrau mit EFZ\",\"isPartOf\":{\"@id\":\"https:\/\/www.sws-weiterbildung.ch\/de\/#website\"},\"datePublished\":\"2024-09-02T06:40:16+00:00\",\"dateModified\":\"2024-12-09T10:50:07+00:00\",\"description\":\"Keine Lehrstelle? An der KV Schule in Winterthur (Kt. Z\u00fcrich) und Luzern der SWS erlangen Sie Ihren eidgen\u00f6ssischen KV-Lehrabschluss - 2 Jahre Vollzeitschule & 1 Jahr Betriebspraktikum - Praktikumsvermittlung durch unser Institut\",\"breadcrumb\":{\"@id\":\"https:\/\/www.sws-weiterbildung.ch\/de\/kv-ausbildung.html#breadcrumb\"},\"inLanguage\":\"de-CH\",\"potentialAction\":[{\"@type\":\"ReadAction\",\"target\":[\"https:\/\/www.sws-weiterbildung.ch\/de\/kv-ausbildung.html\"]}]},{\"@type\":\"BreadcrumbList\",\"@id\":\"https:\/\/www.sws-weiterbildung.ch\/de\/kv-ausbildung.html#breadcrumb\",\"itemListElement\":[{\"@type\":\"ListItem\",\"position\":1,\"name\":\"Startseite\",\"item\":\"https:\/\/www.sws-weiterbildung.ch\/\"},{\"@type\":\"ListItem\",\"position\":2,\"name\":\"KV Schule\"}]},{\"@type\":\"WebSite\",\"@id\":\"https:\/\/www.sws-weiterbildung.ch\/de\/#website\",\"url\":\"https:\/\/www.sws-weiterbildung.ch\/de\/\",\"name\":\"SWS Schulen f\u00fcr Wirtschaft &amp; Sprachen\",\"description\":\"\",\"potentialAction\":[{\"@type\":\"SearchAction\",\"target\":{\"@type\":\"EntryPoint\",\"urlTemplate\":\"https:\/\/www.sws-weiterbildung.ch\/de\/?s={search_term_string}\"},\"query-input\":{\"@type\":\"PropertyValueSpecification\",\"valueRequired\":true,\"valueName\":\"search_term_string\"}}],\"inLanguage\":\"de-CH\"}]}<\/script>\n<!-- \/ Yoast SEO plugin. -->","yoast_head_json":{"title":"KV Schule Winterthur und Luzern: Kaufmann \/ Kauffrau mit EFZ","description":"Keine Lehrstelle? An der KV Schule in Winterthur (Kt. Z\u00fcrich) und Luzern der SWS erlangen Sie Ihren eidgen\u00f6ssischen KV-Lehrabschluss - 2 Jahre Vollzeitschule & 1 Jahr Betriebspraktikum - Praktikumsvermittlung durch unser Institut","robots":{"index":"index","follow":"follow","max-snippet":"max-snippet:-1","max-image-preview":"max-image-preview:large","max-video-preview":"max-video-preview:-1"},"canonical":"https:\/\/www.sws-weiterbildung.ch\/de\/kv-ausbildung.html","og_locale":"de_DE","og_type":"article","og_title":"KV Schule Winterthur und Luzern: Kaufmann \/ Kauffrau mit EFZ","og_description":"Keine Lehrstelle? An der KV Schule in Winterthur (Kt. Z\u00fcrich) und Luzern der SWS erlangen Sie Ihren eidgen\u00f6ssischen KV-Lehrabschluss - 2 Jahre Vollzeitschule & 1 Jahr Betriebspraktikum - Praktikumsvermittlung durch unser Institut","og_url":"https:\/\/www.sws-weiterbildung.ch\/de\/kv-ausbildung.html","og_site_name":"SWS Schulen f\u00fcr Wirtschaft &amp; Sprachen","article_modified_time":"2024-12-09T10:50:07+00:00","twitter_card":"summary_large_image","schema":{"@context":"https:\/\/schema.org","@graph":[{"@type":"WebPage","@id":"https:\/\/www.sws-weiterbildung.ch\/de\/kv-ausbildung.html","url":"https:\/\/www.sws-weiterbildung.ch\/de\/kv-ausbildung.html","name":"KV Schule Winterthur und Luzern: Kaufmann \/ Kauffrau mit EFZ","isPartOf":{"@id":"https:\/\/www.sws-weiterbildung.ch\/de\/#website"},"datePublished":"2024-09-02T06:40:16+00:00","dateModified":"2024-12-09T10:50:07+00:00","description":"Keine Lehrstelle? An der KV Schule in Winterthur (Kt. Z\u00fcrich) und Luzern der SWS erlangen Sie Ihren eidgen\u00f6ssischen KV-Lehrabschluss - 2 Jahre Vollzeitschule & 1 Jahr Betriebspraktikum - Praktikumsvermittlung durch unser Institut","breadcrumb":{"@id":"https:\/\/www.sws-weiterbildung.ch\/de\/kv-ausbildung.html#breadcrumb"},"inLanguage":"de-CH","potentialAction":[{"@type":"ReadAction","target":["https:\/\/www.sws-weiterbildung.ch\/de\/kv-ausbildung.html"]}]},{"@type":"BreadcrumbList","@id":"https:\/\/www.sws-weiterbildung.ch\/de\/kv-ausbildung.html#breadcrumb","itemListElement":[{"@type":"ListItem","position":1,"name":"Startseite","item":"https:\/\/www.sws-weiterbildung.ch\/"},{"@type":"ListItem","position":2,"name":"KV Schule"}]},{"@type":"WebSite","@id":"https:\/\/www.sws-weiterbildung.ch\/de\/#website","url":"https:\/\/www.sws-weiterbildung.ch\/de\/","name":"SWS Schulen f\u00fcr Wirtschaft &amp; Sprachen","description":"","potentialAction":[{"@type":"SearchAction","target":{"@type":"EntryPoint","urlTemplate":"https:\/\/www.sws-weiterbildung.ch\/de\/?s={search_term_string}"},"query-input":{"@type":"PropertyValueSpecification","valueRequired":true,"valueName":"search_term_string"}}],"inLanguage":"de-CH"}]}},"_links":{"self":[{"href":"https:\/\/www.sws-weiterbildung.ch\/de\/wp-json\/wp\/v2\/pages\/619","targetHints":{"allow":["GET"]}}],"collection":[{"href":"https:\/\/www.sws-weiterbildung.ch\/de\/wp-json\/wp\/v2\/pages"}],"about":[{"href":"https:\/\/www.sws-weiterbildung.ch\/de\/wp-json\/wp\/v2\/types\/page"}],"author":[{"embeddable":true,"href":"https:\/\/www.sws-weiterbildung.ch\/de\/wp-json\/wp\/v2\/users\/1"}],"replies":[{"embeddable":true,"href":"https:\/\/www.sws-weiterbildung.ch\/de\/wp-json\/wp\/v2\/comments?post=619"}],"version-history":[{"count":34,"href":"https:\/\/www.sws-weiterbildung.ch\/de\/wp-json\/wp\/v2\/pages\/619\/revisions"}],"predecessor-version":[{"id":3063,"href":"https:\/\/www.sws-weiterbildung.ch\/de\/wp-json\/wp\/v2\/pages\/619\/revisions\/3063"}],"wp:attachment":[{"href":"https:\/\/www.sws-weiterbildung.ch\/de\/wp-json\/wp\/v2\/media?parent=619"}],"curies":[{"name":"wp","href":"https:\/\/api.w.org\/{rel}","templated":true}]}}